{"id":1487,"date":"2020-12-12T22:23:38","date_gmt":"2020-12-12T22:23:38","guid":{"rendered":"https:\/\/villabaldelli.it\/?page_id=1487"},"modified":"2020-12-18T18:02:05","modified_gmt":"2020-12-18T18:02:05","slug":"recensioni","status":"publish","type":"page","link":"https:\/\/villabaldelli.it\/index.php\/recensioni\/","title":{"rendered":"Recensioni"},"content":{"rendered":"\n<div class=\"wp-block-getwid-section alignfull alignfull\"><div class=\"wp-block-getwid-section__wrapper getwid-padding-top-none getwid-padding-bottom-none getwid-padding-left-medium getwid-padding-right-medium getwid-padding-mobile-left-small getwid-padding-mobile-right-small\"><div class=\"wp-block-getwid-section__inner-wrapper\"><div class=\"wp-block-getwid-section__background-holder\"><div class=\"wp-block-getwid-section__background\"><\/div><div class=\"wp-block-getwid-section__foreground\"><\/div><\/div><div class=\"wp-block-getwid-section__content\"><div class=\"wp-block-getwid-section__inner-content\">\n<p><img loading=\"lazy\" decoding=\"async\" class=\"size-full wp-image-1491 aligncenter\" src=\"https:\/\/villabaldelli.it\/wp-content\/uploads\/2020\/12\/TRIPADVISOR.png\" alt=\"\" width=\"250\" height=\"116\"><\/p>\n<p><span style=\"font-size: inherit;\"><div class=\"wprev-slider\" id=\"wprev-slider-1\"><ul><style>#wprev-slider-1 .wprev_preview_bradius_T1 {border-radius: 10px;}#wprev-slider-1 .wprev_preview_bg1_T1 {background:;}#wprev-slider-1 .wprev_preview_bg2_T1 {background:;}#wprev-slider-1 .wprev_preview_tcolor1_T1 {color:;}#wprev-slider-1 .wprev_preview_tcolor2_T1 {color:;}#wprev-slider-1 .wprev_preview_bg1_T1::after{ border-top: 30px solid ; }<\/style><style><\/style><li>\t\t<div class=\"wptripadvisor_t1_outer_div w3_wprs-row-padding\">\r\n\t\t\t\t<div class=\"wptripadvisor_t1_DIV_1 w3_wprs-col l4\">\r\n\t\t\t<div class=\"wptripadvisor_t1_DIV_2 wprev_preview_bg1_T1 wprev_preview_bradius_T1\">\r\n\t\t\t\t<p class=\"wptripadvisor_t1_P_3 wprev_preview_tcolor1_T1\">\r\n\t\t\t\t\t<span class=\"wptripadvisor_star_imgs_T1\"><img decoding=\"async\" src=\"https:\/\/villabaldelli.it\/wp-content\/plugins\/wp-tripadvisor-review-slider\/public\/partials\/imgs\/tripadvisor_stars_5.png\" alt=\"star rating\" class=\"wptripadvisor_t1_star_img_file\">&nbsp;&nbsp;<\/span>Un accoglienza perfetta, camere molto belle, pulite e con arredi d'epoca.  Abbiamo festeggiato il compleanno con un aperitivo bordo piscina. La colazione abbondante \u00e8 servita al tavolo, nel rispetto<a class='wprs_rd_more'>... read more<\/a><span class='wprs_rd_more_text' style='display:none;'> delle norme anti covid.<br \/>\r\nGrazie Francesca<br \/>\r\nSicuramente si torna<\/span>\t\t\t\t<\/p>\r\n\t\t\t\t\t\t\t\t<a href=\"https:\/\/www.tripadvisor.it\/Hotel_Review-g187894-d278185-Reviews-Relais_Villa_Baldelli-Cortona_Province_of_Arezzo_Tuscany.html\" target=\"_blank\" rel=\"nofollow\"><img decoding=\"async\" src=\"https:\/\/villabaldelli.it\/wp-content\/plugins\/wp-tripadvisor-review-slider\/public\/partials\/imgs\/tripadvisor_outline.png\" alt=\"tripadvisor logo\" class=\"wptripadvisor_t1_tripadvisor_logo\"><\/a>\t\t\t<\/div><span class=\"wptripadvisor_t1_A_8\"><\/span> <span class=\"wptripadvisor_t1_SPAN_5 wprev_preview_tcolor2_T1\">silvial864<br\/><span class=\"wprev_showdate_T1\">Settembre 19, 2021<\/span> <\/span>\r\n\t\t<\/div>\r\n\t\t\t<div class=\"wptripadvisor_t1_DIV_1 w3_wprs-col l4\">\r\n\t\t\t<div class=\"wptripadvisor_t1_DIV_2 wprev_preview_bg1_T1 wprev_preview_bradius_T1\">\r\n\t\t\t\t<p class=\"wptripadvisor_t1_P_3 wprev_preview_tcolor1_T1\">\r\n\t\t\t\t\t<span class=\"wptripadvisor_star_imgs_T1\"><img decoding=\"async\" src=\"https:\/\/villabaldelli.it\/wp-content\/plugins\/wp-tripadvisor-review-slider\/public\/partials\/imgs\/tripadvisor_stars_4.png\" alt=\"star rating\" class=\"wptripadvisor_t1_star_img_file\">&nbsp;&nbsp;<\/span>Di passaggio ci siamo fermati per una domenica sera. La location e' fantastica anche in autunno... figuriamoci quando ci sono le fioriture. Gli arredi belli e curati. Pulizia ottima. Colazione<a class='wprs_rd_more'>... read more<\/a><span class='wprs_rd_more_text' style='display:none;'> buona. Ci ritorneremo senz'altro in primavera \/estate per goderci il relax del parco. Bravi...<\/span>\t\t\t\t<\/p>\r\n\t\t\t\t\t\t\t\t<a href=\"https:\/\/www.tripadvisor.it\/Hotel_Review-g187894-d278185-Reviews-Relais_Villa_Baldelli-Cortona_Province_of_Arezzo_Tuscany.html\" target=\"_blank\" rel=\"nofollow\"><img decoding=\"async\" src=\"https:\/\/villabaldelli.it\/wp-content\/plugins\/wp-tripadvisor-review-slider\/public\/partials\/imgs\/tripadvisor_outline.png\" alt=\"tripadvisor logo\" class=\"wptripadvisor_t1_tripadvisor_logo\"><\/a>\t\t\t<\/div><span class=\"wptripadvisor_t1_A_8\"><\/span> <span class=\"wptripadvisor_t1_SPAN_5 wprev_preview_tcolor2_T1\">rosytraverso<br\/><span class=\"wprev_showdate_T1\">Ottobre 21, 2019<\/span> <\/span>\r\n\t\t<\/div>\r\n\t\t\t<div class=\"wptripadvisor_t1_DIV_1 w3_wprs-col l4\">\r\n\t\t\t<div class=\"wptripadvisor_t1_DIV_2 wprev_preview_bg1_T1 wprev_preview_bradius_T1\">\r\n\t\t\t\t<p class=\"wptripadvisor_t1_P_3 wprev_preview_tcolor1_T1\">\r\n\t\t\t\t\t<span class=\"wptripadvisor_star_imgs_T1\"><img decoding=\"async\" src=\"https:\/\/villabaldelli.it\/wp-content\/plugins\/wp-tripadvisor-review-slider\/public\/partials\/imgs\/tripadvisor_stars_5.png\" alt=\"star rating\" class=\"wptripadvisor_t1_star_img_file\">&nbsp;&nbsp;<\/span>Siamo appena tornati dopo aver soggiornato in questo relais per due giorni. Che dire.....una piacevole scoperta! Ottima accoglienza, splendida atmosfera, ambiente pulito e attenzione ai dettagli e alla cura del<a class='wprs_rd_more'>... read more<\/a><span class='wprs_rd_more_text' style='display:none;'> cliente. La camera era pulitissima, spaziosa e arredata con gusto, il letto era comodissimo ed il bagno molto bello. La colazione molto abbondante con molta variet\u00e0 e tutto di prima qualit\u00e0 servita nello splendido giardino per dare inizio alle nostre giornate. E che dire dello staff...sin dal nostro arrivo abbiamo respirato da subito una cortesia ed una ospitalit\u00e0 genuina e simpatica che ci hanno conquistati. La posizione \u00e8 ottima, situata nelle vicinanze di Cortona, in un'oasi di relax e pace. Un ringraziamento speciale a Francesca per la sua squisita gentilezza, attenzione ed ospitalit\u00e0, ci ha fatto sentire a casa sin dal primo istante! Grazie ancora per questo indimenticabile soggiorno! Infine volevo ringraziare tutto lo staff per la gentilezza e l'ospitalit\u00e0 che ci avete riservato. E' sicuramente un relais che consiglio volentieri a tutti e in cui torneremo sicuramente con piacere.<\/span>\t\t\t\t<\/p>\r\n\t\t\t\t\t\t\t\t<a href=\"https:\/\/www.tripadvisor.it\/Hotel_Review-g187894-d278185-Reviews-Relais_Villa_Baldelli-Cortona_Province_of_Arezzo_Tuscany.html\" target=\"_blank\" rel=\"nofollow\"><img decoding=\"async\" src=\"https:\/\/villabaldelli.it\/wp-content\/plugins\/wp-tripadvisor-review-slider\/public\/partials\/imgs\/tripadvisor_outline.png\" alt=\"tripadvisor logo\" class=\"wptripadvisor_t1_tripadvisor_logo\"><\/a>\t\t\t<\/div><span class=\"wptripadvisor_t1_A_8\"><img decoding=\"async\" src=\"https:\/\/media-cdn.tripadvisor.com\/media\/photo-l\/1a\/f6\/f2\/eb\/default-avatar-2020-27.jpg\" alt=\"avatar thumb\" class=\"wptripadvisor_t1_IMG_4\" loading=\"lazy\"\/><\/span> <span class=\"wptripadvisor_t1_SPAN_5 wprev_preview_tcolor2_T1\">AgneseC_11<br\/><span class=\"wprev_showdate_T1\">Giugno 26, 2023<\/span> <\/span>\r\n\t\t<\/div>\r\n\t\t<\/div>\r\n<!-- This file should primarily consist of HTML with a little bit of PHP. -->\r\n<\/li><li style=\"display:none;\">\t\t<div class=\"wptripadvisor_t1_outer_div w3_wprs-row-padding\">\r\n\t\t\t\t<div class=\"wptripadvisor_t1_DIV_1 w3_wprs-col l4\">\r\n\t\t\t<div class=\"wptripadvisor_t1_DIV_2 wprev_preview_bg1_T1 wprev_preview_bradius_T1\">\r\n\t\t\t\t<p class=\"wptripadvisor_t1_P_3 wprev_preview_tcolor1_T1\">\r\n\t\t\t\t\t<span class=\"wptripadvisor_star_imgs_T1\"><img decoding=\"async\" src=\"https:\/\/villabaldelli.it\/wp-content\/plugins\/wp-tripadvisor-review-slider\/public\/partials\/imgs\/tripadvisor_stars_5.png\" alt=\"star rating\" class=\"wptripadvisor_t1_star_img_file\">&nbsp;&nbsp;<\/span>Se si arriva a Cortona questo \u00e8 un indirizzo sicuro per essere accolti e coccolati in una location di charme con arredi che raccontano della storia ed eleganza di questo<a class='wprs_rd_more'>... read more<\/a><span class='wprs_rd_more_text' style='display:none;'> mondo di Toscana! Una piscina curatissima con sullo sfondo lo sky line inconfondibile della cittadina completa l'offerta per un soggiorno indimenticabile<\/span>\t\t\t\t<\/p>\r\n\t\t\t\t\t\t\t\t<a href=\"https:\/\/www.tripadvisor.it\/Hotel_Review-g187894-d278185-Reviews-Relais_Villa_Baldelli-Cortona_Province_of_Arezzo_Tuscany.html\" target=\"_blank\" rel=\"nofollow\"><img decoding=\"async\" src=\"https:\/\/villabaldelli.it\/wp-content\/plugins\/wp-tripadvisor-review-slider\/public\/partials\/imgs\/tripadvisor_outline.png\" alt=\"tripadvisor logo\" class=\"wptripadvisor_t1_tripadvisor_logo\"><\/a>\t\t\t<\/div><span class=\"wptripadvisor_t1_A_8\"><\/span> <span class=\"wptripadvisor_t1_SPAN_5 wprev_preview_tcolor2_T1\">gabrimilanoMilano<br\/><span class=\"wprev_showdate_T1\">Agosto 26, 2021<\/span> <\/span>\r\n\t\t<\/div>\r\n\t\t\t<div class=\"wptripadvisor_t1_DIV_1 w3_wprs-col l4\">\r\n\t\t\t<div class=\"wptripadvisor_t1_DIV_2 wprev_preview_bg1_T1 wprev_preview_bradius_T1\">\r\n\t\t\t\t<p class=\"wptripadvisor_t1_P_3 wprev_preview_tcolor1_T1\">\r\n\t\t\t\t\t<span class=\"wptripadvisor_star_imgs_T1\"><img decoding=\"async\" src=\"https:\/\/villabaldelli.it\/wp-content\/plugins\/wp-tripadvisor-review-slider\/public\/partials\/imgs\/tripadvisor_stars_3.png\" alt=\"star rating\" class=\"wptripadvisor_t1_star_img_file\">&nbsp;&nbsp;<\/span>Ho trovato le foto su internet molto belle, ma che non rispecchiano perfettamente la realt\u00e0 della struttura. Ci \u00e8 stata data una camera deluxe, perch\u00e9 non ce n'erano altre disponibili<a class='wprs_rd_more'>... read more<\/a><span class='wprs_rd_more_text' style='display:none;'> che mi ha deluso. Tappeti grandi, poltrone imbottite, tende pesanti...ovunque sentivo odore di polvere...Va bene gli arredi antichi, ma a quel prezzo pretendo la massima pulizia. Salvo la gentilezza e la disponibilit\u00e0 del servizio a colazione<\/span>\t\t\t\t<\/p>\r\n\t\t\t\t\t\t\t\t<a href=\"https:\/\/www.tripadvisor.it\/Hotel_Review-g187894-d278185-Reviews-Relais_Villa_Baldelli-Cortona_Province_of_Arezzo_Tuscany.html\" target=\"_blank\" rel=\"nofollow\"><img decoding=\"async\" src=\"https:\/\/villabaldelli.it\/wp-content\/plugins\/wp-tripadvisor-review-slider\/public\/partials\/imgs\/tripadvisor_outline.png\" alt=\"tripadvisor logo\" class=\"wptripadvisor_t1_tripadvisor_logo\"><\/a>\t\t\t<\/div><span class=\"wptripadvisor_t1_A_8\"><\/span> <span class=\"wptripadvisor_t1_SPAN_5 wprev_preview_tcolor2_T1\">Assia987<br\/><span class=\"wprev_showdate_T1\">Ottobre 13, 2020<\/span> <\/span>\r\n\t\t<\/div>\r\n\t\t\t<div class=\"wptripadvisor_t1_DIV_1 w3_wprs-col l4\">\r\n\t\t\t<div class=\"wptripadvisor_t1_DIV_2 wprev_preview_bg1_T1 wprev_preview_bradius_T1\">\r\n\t\t\t\t<p class=\"wptripadvisor_t1_P_3 wprev_preview_tcolor1_T1\">\r\n\t\t\t\t\t<span class=\"wptripadvisor_star_imgs_T1\"><img decoding=\"async\" src=\"https:\/\/villabaldelli.it\/wp-content\/plugins\/wp-tripadvisor-review-slider\/public\/partials\/imgs\/tripadvisor_stars_5.png\" alt=\"star rating\" class=\"wptripadvisor_t1_star_img_file\">&nbsp;&nbsp;<\/span>Abbiamo soggiornato per 8 notti e vissuto una bellissima esperienza.<br \/>\r\nLa villa \u00e8 moto bella, il contesto molto tranquillo e la piscina super. Questa ultima in particolare tenuta moto bene.<br<a class='wprs_rd_more'>... read more<\/a><span class='wprs_rd_more_text' style='display:none;'> \/>\r\nA condire il tutto, una straordinaria accoglienza da parte di tutti. In primis Alessandra, ma non meno Francesca, Lucia e Leonardo.<br \/>\r\nTutti sempre molto attenti ad ascoltare ogni minima richiesta sempre con lo scopo di fare sentire l'ospite a proprio agio. Inoltre con un atteggiamento per nulla forzato e sempre molto sincero e spontaneo.<br \/>\r\nAlcune camere hanno l'accesso indipendente ed alcune di queste con accesso diretto nel prato della villa.<br \/>\r\nEsperienza da ripetere, speriamo quanto prima.<br \/>\r\nSaluti a Poldino, la mascotte della Villa!<\/span>\t\t\t\t<\/p>\r\n\t\t\t\t\t\t\t\t<a href=\"https:\/\/www.tripadvisor.it\/Hotel_Review-g187894-d278185-Reviews-Relais_Villa_Baldelli-Cortona_Province_of_Arezzo_Tuscany.html\" target=\"_blank\" rel=\"nofollow\"><img decoding=\"async\" src=\"https:\/\/villabaldelli.it\/wp-content\/plugins\/wp-tripadvisor-review-slider\/public\/partials\/imgs\/tripadvisor_outline.png\" alt=\"tripadvisor logo\" class=\"wptripadvisor_t1_tripadvisor_logo\"><\/a>\t\t\t<\/div><span class=\"wptripadvisor_t1_A_8\"><\/span> <span class=\"wptripadvisor_t1_SPAN_5 wprev_preview_tcolor2_T1\">J5415FNfrancescoc<br\/><span class=\"wprev_showdate_T1\">Agosto 16, 2020<\/span> <\/span>\r\n\t\t<\/div>\r\n\t\t<\/div>\r\n<!-- This file should primarily consist of HTML with a little bit of PHP. -->\r\n<\/li><\/ul><\/div>\r\n<\/span><\/p>\n\n\n\n<p><img loading=\"lazy\" decoding=\"async\" class=\"size-full wp-image-1492 aligncenter\" src=\"https:\/\/villabaldelli.it\/wp-content\/uploads\/2020\/12\/GOOGLE.png\" alt=\"\" width=\"250\" height=\"125\"><\/p>\n<p><\/p>\n<style>#wprev-slider-1 .wprev_preview_bradius_T1 {border-radius: 0px;}#wprev-slider-1 .wprev_preview_bg1_T1::after{ border-top: 30px solid ; }<\/style><style><\/style><div class=\"wprev-no-slider revnotsameheight\" id=\"wprev-slider-1\">\t\t<div class=\"wprevpro_t1_outer_div w3_wprs-row-padding\">\r\n\t\t\t\t<div class=\"wprevpro_t1_DIV_1 w3_wprs-col l3\">\r\n\t\t\t<div class=\"indrevdiv wprevpro_t1_DIV_2 wprev_preview_bg1_T1 wprev_preview_tcolor1_T1 wprev_preview_bradius_T1\">\r\n\t\t\t\t<p class=\"wprevpro_t1_P_3 wprev_preview_tcolor1_T1\">\r\n\t\t\t\t\t<span class=\"wprevpro_star_imgs_T1\"><span class=\"starloc1 wprevpro_star_imgs wprevpro_star_imgsloc1\"><span class=\"svgicons svg-wprsp-star\"><\/span><span class=\"svgicons svg-wprsp-star\"><\/span><span class=\"svgicons svg-wprsp-star\"><\/span><span class=\"svgicons svg-wprsp-star\"><\/span><span class=\"svgicons svg-wprsp-star\"><\/span><\/span><\/span>Amazing experience, highly recommend. Customer service, rooms and breakfast were outstanding.\t\t\t\t<\/p>\r\n\t\t\t\t\t\t\t\t<a href=\"https:\/\/maps.google.com\/?cid=10582912704294915719\" target=\"_blank\" rel=\"nofollow noreferrer\" class=\"wprevpro_t1_site_logo_a\"><img decoding=\"async\" src=\"https:\/\/villabaldelli.it\/wp-content\/plugins\/wp-google-places-review-slider\/public\/partials\/imgs\/google_small_icon.png\" alt=\"Google Logo\" class=\"wprevpro_t1_site_logo siteicon sitetype_Google\"><\/a>\t\t\t<\/div><span class=\"wprevpro_t1_A_8\"><img decoding=\"async\" src=\"https:\/\/lh3.googleusercontent.com\/a-\/AOh14GhAO_M4gStLlmEulpEQ0Uqw-0E2R85-CMI2Sgso9w=s128-c0x00000000-cc-rp-mo?sz=100\" alt=\"Nel Nel Avatar\" class=\"wprevpro_t1_IMG_4\" loading=\"lazy\" \/><\/span> <span class=\"wprevpro_t1_SPAN_5 wprev_preview_tcolor2_T1\">Nel Nel<br\/><span class=\"wprev_showdate_T1\">Giugno 22, 2019<\/span> <\/span>\r\n\t\t<\/div>\r\n\t\t\t<div class=\"wprevpro_t1_DIV_1 w3_wprs-col l3\">\r\n\t\t\t<div class=\"indrevdiv wprevpro_t1_DIV_2 wprev_preview_bg1_T1 wprev_preview_tcolor1_T1 wprev_preview_bradius_T1\">\r\n\t\t\t\t<p class=\"wprevpro_t1_P_3 wprev_preview_tcolor1_T1\">\r\n\t\t\t\t\t<span class=\"wprevpro_star_imgs_T1\"><span class=\"starloc1 wprevpro_star_imgs wprevpro_star_imgsloc1\"><span class=\"svgicons svg-wprsp-star\"><\/span><span class=\"svgicons svg-wprsp-star\"><\/span><span class=\"svgicons svg-wprsp-star\"><\/span><span class=\"svgicons svg-wprsp-star\"><\/span><span class=\"svgicons svg-wprsp-star\"><\/span><\/span><\/span>Wow, this property is amazing! We spent three nights at the hotel which lies at the base of the mountain underneath Cortona. The view from the property and the fresh country air is an absolute delight; very romantic! The room was gorgeous to say the least, well decorated and specious. The pool is awesome if R&R is what you are after. Lastly, the staff at the hotel was extremely accommodating and pleasant. We will return again.\t\t\t\t<\/p>\r\n\t\t\t\t\t\t\t\t<a href=\"https:\/\/maps.google.com\/?cid=10582912704294915719\" target=\"_blank\" rel=\"nofollow noreferrer\" class=\"wprevpro_t1_site_logo_a\"><img decoding=\"async\" src=\"https:\/\/villabaldelli.it\/wp-content\/plugins\/wp-google-places-review-slider\/public\/partials\/imgs\/google_small_icon.png\" alt=\"Google Logo\" class=\"wprevpro_t1_site_logo siteicon sitetype_Google\"><\/a>\t\t\t<\/div><span class=\"wprevpro_t1_A_8\"><img decoding=\"async\" src=\"https:\/\/lh3.googleusercontent.com\/a-\/AOh14GjQWFq7qVoXvoyaqH6uKEAVFdsgUQdim1BqPQNjo5U=s128-c0x00000000-cc-rp-mo-ba7?sz=100\" alt=\"Jamie Matthews Avatar\" class=\"wprevpro_t1_IMG_4\" loading=\"lazy\" \/><\/span> <span class=\"wprevpro_t1_SPAN_5 wprev_preview_tcolor2_T1\">Jamie Matthews<br\/><span class=\"wprev_showdate_T1\">Giugno 5, 2015<\/span> <\/span>\r\n\t\t<\/div>\r\n\t\t\t<div class=\"wprevpro_t1_DIV_1 w3_wprs-col l3\">\r\n\t\t\t<div class=\"indrevdiv wprevpro_t1_DIV_2 wprev_preview_bg1_T1 wprev_preview_tcolor1_T1 wprev_preview_bradius_T1\">\r\n\t\t\t\t<p class=\"wprevpro_t1_P_3 wprev_preview_tcolor1_T1\">\r\n\t\t\t\t\t<span class=\"wprevpro_star_imgs_T1\"><span class=\"starloc1 wprevpro_star_imgs wprevpro_star_imgsloc1\"><span class=\"svgicons svg-wprsp-star\"><\/span><span class=\"svgicons svg-wprsp-star\"><\/span><span class=\"svgicons svg-wprsp-star\"><\/span><span class=\"svgicons svg-wprsp-star\"><\/span><span class=\"svgicons svg-wprsp-star\"><\/span><\/span><\/span>I absolutely loved this Villa! Staff was amazing, the entire place is unreal, really worth spending couple of days here. I highly recommend it and I can't wait to return!\t\t\t\t<\/p>\r\n\t\t\t\t\t\t\t\t<a href=\"https:\/\/maps.google.com\/?cid=10582912704294915719\" target=\"_blank\" rel=\"nofollow noreferrer\" class=\"wprevpro_t1_site_logo_a\"><img decoding=\"async\" src=\"https:\/\/villabaldelli.it\/wp-content\/plugins\/wp-google-places-review-slider\/public\/partials\/imgs\/google_small_icon.png\" alt=\"Google Logo\" class=\"wprevpro_t1_site_logo siteicon sitetype_Google\"><\/a>\t\t\t<\/div><span class=\"wprevpro_t1_A_8\"><img decoding=\"async\" src=\"https:\/\/lh3.googleusercontent.com\/a-\/AOh14Gji77NYNOqBYoQnUcK1DBC8ORrvDy283gW3x_CAZA=s128-c0x00000000-cc-rp-mo-ba3?sz=100\" alt=\"Carmen Gheorghe Avatar\" class=\"wprevpro_t1_IMG_4\" loading=\"lazy\" \/><\/span> <span class=\"wprevpro_t1_SPAN_5 wprev_preview_tcolor2_T1\">Carmen Gheorghe<br\/><span class=\"wprev_showdate_T1\">Luglio 29, 2020<\/span> <\/span>\r\n\t\t<\/div>\r\n\t\t\t<div class=\"wprevpro_t1_DIV_1 w3_wprs-col l3\">\r\n\t\t\t<div class=\"indrevdiv wprevpro_t1_DIV_2 wprev_preview_bg1_T1 wprev_preview_tcolor1_T1 wprev_preview_bradius_T1\">\r\n\t\t\t\t<p class=\"wprevpro_t1_P_3 wprev_preview_tcolor1_T1\">\r\n\t\t\t\t\t<span class=\"wprevpro_star_imgs_T1\"><span class=\"starloc1 wprevpro_star_imgs wprevpro_star_imgsloc1\"><span class=\"svgicons svg-wprsp-star\"><\/span><span class=\"svgicons svg-wprsp-star\"><\/span><span class=\"svgicons svg-wprsp-star\"><\/span><span class=\"svgicons svg-wprsp-star\"><\/span><span class=\"svgicons svg-wprsp-star\"><\/span><\/span><\/span>Very friendly and helpful staff. Grounds and surrounding area very beautiful. Breakfast that was included was outstanding with lots of options. Ten minute drive to Cortona city, lots of parking available. Would stay here again!\t\t\t\t<\/p>\r\n\t\t\t\t\t\t\t\t<a href=\"https:\/\/maps.google.com\/?cid=10582912704294915719\" target=\"_blank\" rel=\"nofollow noreferrer\" class=\"wprevpro_t1_site_logo_a\"><img decoding=\"async\" src=\"https:\/\/villabaldelli.it\/wp-content\/plugins\/wp-google-places-review-slider\/public\/partials\/imgs\/google_small_icon.png\" alt=\"Google Logo\" class=\"wprevpro_t1_site_logo siteicon sitetype_Google\"><\/a>\t\t\t<\/div><span class=\"wprevpro_t1_A_8\"><img decoding=\"async\" src=\"https:\/\/lh3.googleusercontent.com\/-XEr4ZAwP27A\/AAAAAAAAAAI\/AAAAAAAAAAA\/AMZuuck7CutgQAl6Ghr4vJIYoEV9X17ynw\/s128-c0x00000000-cc-rp-mo\/photo.jpg?sz=100\" alt=\"Spencer Cagle Avatar\" class=\"wprevpro_t1_IMG_4\" loading=\"lazy\" \/><\/span> <span class=\"wprevpro_t1_SPAN_5 wprev_preview_tcolor2_T1\">Spencer Cagle<br\/><span class=\"wprev_showdate_T1\">Giugno 10, 2017<\/span> <\/span>\r\n\t\t<\/div>\r\n\t\t<\/div>\r\n<\/div>\r\n\n<p><\/p>\n\n\n\n<meta name=\"viewport\" content=\"width=device-width, initial-scale=1\">\n<style>\n.footer {\n   position: fixed;\n   left: 0;\n   bottom: 0;\n   width: 100%;\n   background-color: transparent;\n   color: white;\n   text-align: center;\nz-index:200\n}\n<\/style>\n\n\n\n<div class=\"footer\">\n <script type=\"text\/javascript\" src=\"https:\/\/resx.octorate.com\/octobook\/resources\/widget\/js\/form.js\" data-sitekey=\"3147799eb5c82019665e66cd3c5dd2f4\"><\/script>\n<\/div>\n<\/div><\/div><\/div><\/div><\/div>\n","protected":false},"excerpt":{"rendered":"<p>Negli anni abbiamo raccolto immagini spettacolari del nostro Relais e della nostra posizione per mostrare la pura bellezza della natura e lo stile e il design perfezionati dei nostri alloggi per ispirarti.<\/p>\n","protected":false},"author":1,"featured_media":1327,"parent":0,"menu_order":0,"comment_status":"closed","ping_status":"closed","template":"","meta":{"inline_featured_image":false,"footnotes":""},"class_list":["post-1487","page","type-page","status-publish","has-post-thumbnail","hentry"],"_links":{"self":[{"href":"https:\/\/villabaldelli.it\/index.php\/wp-json\/wp\/v2\/pages\/1487","targetHints":{"allow":["GET"]}}],"collection":[{"href":"https:\/\/villabaldelli.it\/index.php\/wp-json\/wp\/v2\/pages"}],"about":[{"href":"https:\/\/villabaldelli.it\/index.php\/wp-json\/wp\/v2\/types\/page"}],"author":[{"embeddable":true,"href":"https:\/\/villabaldelli.it\/index.php\/wp-json\/wp\/v2\/users\/1"}],"replies":[{"embeddable":true,"href":"https:\/\/villabaldelli.it\/index.php\/wp-json\/wp\/v2\/comments?post=1487"}],"version-history":[{"count":7,"href":"https:\/\/villabaldelli.it\/index.php\/wp-json\/wp\/v2\/pages\/1487\/revisions"}],"predecessor-version":[{"id":1551,"href":"https:\/\/villabaldelli.it\/index.php\/wp-json\/wp\/v2\/pages\/1487\/revisions\/1551"}],"wp:featuredmedia":[{"embeddable":true,"href":"https:\/\/villabaldelli.it\/index.php\/wp-json\/wp\/v2\/media\/1327"}],"wp:attachment":[{"href":"https:\/\/villabaldelli.it\/index.php\/wp-json\/wp\/v2\/media?parent=1487"}],"curies":[{"name":"wp","href":"https:\/\/api.w.org\/{rel}","templated":true}]}}